{"id":304,"date":"2023-03-06T20:49:29","date_gmt":"2023-03-06T20:49:29","guid":{"rendered":"https:\/\/sspbcs.gob.mx\/ssp\/?page_id=304"},"modified":"2023-03-06T20:55:17","modified_gmt":"2023-03-06T20:55:17","slug":"noticias-2","status":"publish","type":"page","link":"https:\/\/sspbcs.gob.mx\/ssp\/noticias-2\/","title":{"rendered":"Noticias"},"content":{"rendered":"<section class=\"kc-elm kc-css-871416 kc_row\"><div class=\"kc-row-container  kc-container\"><div class=\"kc-wrap-columns\"><div class=\"kc-elm kc-css-497259 kc_col-sm-12 kc_column kc_col-sm-12\"><div class=\"kc-col-container\"><\/p>\n<p><div id=\"bdpp-post-list-1\" class=\"bdpp-wrap bdpp-lite bdpp-post-list-wrap bdpp-post-data-wrap bdpp-design-1  bdpp-clearfix\">\r\n\t<div class=\"bdpp-post-list-inr-wrap bdpp-post-data-inr-wrap bdpp-clearfix\"><div class=\"bdpp-post-list-main bdpp-post-104319 bdpp-post-standard bdpp-has-thumb\">\r\n\t<div class=\"bdpp-post-list-content bdpp-clearfix\">\r\n\t\t\t\t<div class=\"bdpp-post-list-left bdpp-col-2 bdpp-columns\">\r\n\t\t\t<div class=\"bdpp-post-img-bg\">\r\n\t\t\t\t<a href=\"https:\/\/sspbcs.gob.mx\/ssp\/2026\/04\/22\/aseguran-narcoticos-vehiculos-y-camaras-parasitas-en-operativos-de-la-paz-y-los-cabos\/\">\r\n\t\t\t\t\t<img decoding=\"async\" src=\"https:\/\/sspbcs.gob.mx\/ssp\/wp-content\/uploads\/2026\/04\/MESA-DE-SEGURIDAD-220426.jpg-640x480.jpeg\" class=\"bdpp-img bdpp-post-feat-img\" alt=\"ASEGURAN NARC\u00d3TICOS, VEH\u00cdCULOS Y C\u00c1MARAS PARASITAS EN OPERATIVOS DE LA PAZ Y LOS CABOS\" \/>\r\n\t\t\t\t\t\t\t\t\t<\/a>\r\n\t\t\t<\/div>\r\n\t\t<\/div>\r\n\t\t\r\n\t\t<div class=\"bdpp-post-list-right bdpp-col-2 bdpp-columns\">\r\n\t\t\t\r\n\t\t\t<h2 class=\"bdpp-post-title\">\r\n\t\t\t\t<a href=\"https:\/\/sspbcs.gob.mx\/ssp\/2026\/04\/22\/aseguran-narcoticos-vehiculos-y-camaras-parasitas-en-operativos-de-la-paz-y-los-cabos\/\">ASEGURAN NARC\u00d3TICOS, VEH\u00cdCULOS Y C\u00c1MARAS PARASITAS EN OPERATIVOS DE LA PAZ Y LOS CABOS<\/a>\r\n\t\t\t<\/h2>\r\n\r\n\t\t\t\t\t\t<div class=\"bdpp-post-meta bdpp-post-meta-up\">\r\n\t\t\t\t<span class=\"bdpp-post-meta-data bdpp-post-date\"><i class=\"bdpp-fa fa-regular fa-clock\"><\/i>22 abril, 2026<\/span>\t\t\t<\/div>\r\n\t\t\t\t\t\t<div class=\"bdpp-post-content\">\r\n\t\t\t\t<div class=\"bdpp-post-desc\">Derivado de las acciones preventivas y operativos de vigilancia desplegadas por la Secretar\u00eda de Seguridad P\u00fablica (SSPE) en los cinco...<\/div>\r\n\t\t\t\t\t\t\t<\/div>\r\n\t\t\t\t\t<\/div>\r\n\t<\/div>\r\n<\/div><div class=\"bdpp-post-list-main bdpp-post-101533 bdpp-post-standard bdpp-has-thumb\">\r\n\t<div class=\"bdpp-post-list-content bdpp-clearfix\">\r\n\t\t\t\t<div class=\"bdpp-post-list-left bdpp-col-2 bdpp-columns\">\r\n\t\t\t<div class=\"bdpp-post-img-bg\">\r\n\t\t\t\t<a href=\"https:\/\/sspbcs.gob.mx\/ssp\/2026\/04\/14\/impulsan-convivencia-y-prevencion-con-kermesse-ciudadana-en-colonia-olas-altas\/\">\r\n\t\t\t\t\t<img decoding=\"async\" src=\"https:\/\/sspbcs.gob.mx\/ssp\/wp-content\/uploads\/2026\/04\/KERMESSE-OLAS-ALTAS_SSPE-6-640x480.jpeg\" class=\"bdpp-img bdpp-post-feat-img\" alt=\"IMPULSAN CONVIVENCIA Y PREVENCI\u00d3N CON KERMESSE CIUDADANA EN COLONIA OLAS ALTAS\" \/>\r\n\t\t\t\t\t\t\t\t\t<\/a>\r\n\t\t\t<\/div>\r\n\t\t<\/div>\r\n\t\t\r\n\t\t<div class=\"bdpp-post-list-right bdpp-col-2 bdpp-columns\">\r\n\t\t\t\r\n\t\t\t<h2 class=\"bdpp-post-title\">\r\n\t\t\t\t<a href=\"https:\/\/sspbcs.gob.mx\/ssp\/2026\/04\/14\/impulsan-convivencia-y-prevencion-con-kermesse-ciudadana-en-colonia-olas-altas\/\">IMPULSAN CONVIVENCIA Y PREVENCI\u00d3N CON KERMESSE CIUDADANA EN COLONIA OLAS ALTAS<\/a>\r\n\t\t\t<\/h2>\r\n\r\n\t\t\t\t\t\t<div class=\"bdpp-post-meta bdpp-post-meta-up\">\r\n\t\t\t\t<span class=\"bdpp-post-meta-data bdpp-post-date\"><i class=\"bdpp-fa fa-regular fa-clock\"><\/i>14 abril, 2026<\/span>\t\t\t<\/div>\r\n\t\t\t\t\t\t<div class=\"bdpp-post-content\">\r\n\t\t\t\t<div class=\"bdpp-post-desc\">Con un ambiente lleno de alegr\u00eda, participaci\u00f3n y uni\u00f3n dentro de la comunidad, la Secretar\u00eda de Seguridad P\u00fablica, a trav\u00e9s...<\/div>\r\n\t\t\t\t\t\t\t<\/div>\r\n\t\t\t\t\t<\/div>\r\n\t<\/div>\r\n<\/div><div class=\"bdpp-post-list-main bdpp-post-101530 bdpp-post-standard bdpp-has-thumb\">\r\n\t<div class=\"bdpp-post-list-content bdpp-clearfix\">\r\n\t\t\t\t<div class=\"bdpp-post-list-left bdpp-col-2 bdpp-columns\">\r\n\t\t\t<div class=\"bdpp-post-img-bg\">\r\n\t\t\t\t<a href=\"https:\/\/sspbcs.gob.mx\/ssp\/2026\/04\/14\/realiza-proximidad-social-jornadas-preventivas-en-el-norte-del-estado\/\">\r\n\t\t\t\t\t<img decoding=\"async\" src=\"https:\/\/sspbcs.gob.mx\/ssp\/wp-content\/uploads\/2026\/04\/JORNADA-VIZCAINO_SSPE1-640x480.jpeg\" class=\"bdpp-img bdpp-post-feat-img\" alt=\"REALIZA PROXIMIDAD SOCIAL JORNADAS PREVENTIVAS EN EL NORTE DEL ESTADO\" \/>\r\n\t\t\t\t\t\t\t\t\t<\/a>\r\n\t\t\t<\/div>\r\n\t\t<\/div>\r\n\t\t\r\n\t\t<div class=\"bdpp-post-list-right bdpp-col-2 bdpp-columns\">\r\n\t\t\t\r\n\t\t\t<h2 class=\"bdpp-post-title\">\r\n\t\t\t\t<a href=\"https:\/\/sspbcs.gob.mx\/ssp\/2026\/04\/14\/realiza-proximidad-social-jornadas-preventivas-en-el-norte-del-estado\/\">REALIZA PROXIMIDAD SOCIAL JORNADAS PREVENTIVAS EN EL NORTE DEL ESTADO<\/a>\r\n\t\t\t<\/h2>\r\n\r\n\t\t\t\t\t\t<div class=\"bdpp-post-meta bdpp-post-meta-up\">\r\n\t\t\t\t<span class=\"bdpp-post-meta-data bdpp-post-date\"><i class=\"bdpp-fa fa-regular fa-clock\"><\/i>14 abril, 2026<\/span>\t\t\t<\/div>\r\n\t\t\t\t\t\t<div class=\"bdpp-post-content\">\r\n\t\t\t\t<div class=\"bdpp-post-desc\">Con el prop\u00f3sito de llevar mensajes preventivos y beneficiar a las comunidades del norte de la entidad, la Secretar\u00eda de...<\/div>\r\n\t\t\t\t\t\t\t<\/div>\r\n\t\t\t\t\t<\/div>\r\n\t<\/div>\r\n<\/div><div class=\"bdpp-post-list-main bdpp-post-101527 bdpp-post-standard bdpp-has-thumb\">\r\n\t<div class=\"bdpp-post-list-content bdpp-clearfix\">\r\n\t\t\t\t<div class=\"bdpp-post-list-left bdpp-col-2 bdpp-columns\">\r\n\t\t\t<div class=\"bdpp-post-img-bg\">\r\n\t\t\t\t<a href=\"https:\/\/sspbcs.gob.mx\/ssp\/2026\/04\/14\/se-aseguran-armas-camaras-y-profugo-de-la-justicia-en-operativos-de-vigilancia\/\">\r\n\t\t\t\t\t<img decoding=\"async\" src=\"https:\/\/sspbcs.gob.mx\/ssp\/wp-content\/uploads\/2026\/04\/DETENIDO-BOL-033-640x480.png\" class=\"bdpp-img bdpp-post-feat-img\" alt=\"SE ASEGURAN ARMAS, C\u00c1MARAS Y PR\u00d3FUGO DE LA JUSTICIA EN OPERATIVOS DE VIGILANCIA\" \/>\r\n\t\t\t\t\t\t\t\t\t<\/a>\r\n\t\t\t<\/div>\r\n\t\t<\/div>\r\n\t\t\r\n\t\t<div class=\"bdpp-post-list-right bdpp-col-2 bdpp-columns\">\r\n\t\t\t\r\n\t\t\t<h2 class=\"bdpp-post-title\">\r\n\t\t\t\t<a href=\"https:\/\/sspbcs.gob.mx\/ssp\/2026\/04\/14\/se-aseguran-armas-camaras-y-profugo-de-la-justicia-en-operativos-de-vigilancia\/\">SE ASEGURAN ARMAS, C\u00c1MARAS Y PR\u00d3FUGO DE LA JUSTICIA EN OPERATIVOS DE VIGILANCIA<\/a>\r\n\t\t\t<\/h2>\r\n\r\n\t\t\t\t\t\t<div class=\"bdpp-post-meta bdpp-post-meta-up\">\r\n\t\t\t\t<span class=\"bdpp-post-meta-data bdpp-post-date\"><i class=\"bdpp-fa fa-regular fa-clock\"><\/i>14 abril, 2026<\/span>\t\t\t<\/div>\r\n\t\t\t\t\t\t<div class=\"bdpp-post-content\">\r\n\t\t\t\t<div class=\"bdpp-post-desc\">En el marco de los operativos desplegados en las \u00faltimas horas por la Secretar\u00eda de Seguridad P\u00fablica del Estado, se...<\/div>\r\n\t\t\t\t\t\t\t<\/div>\r\n\t\t\t\t\t<\/div>\r\n\t<\/div>\r\n<\/div><div class=\"bdpp-post-list-main bdpp-post-101520 bdpp-post-standard bdpp-has-thumb\">\r\n\t<div class=\"bdpp-post-list-content bdpp-clearfix\">\r\n\t\t\t\t<div class=\"bdpp-post-list-left bdpp-col-2 bdpp-columns\">\r\n\t\t\t<div class=\"bdpp-post-img-bg\">\r\n\t\t\t\t<a href=\"https:\/\/sspbcs.gob.mx\/ssp\/2026\/04\/14\/promueve-centro-preventivo-tenencia-responsable-de-animales-de-compania\/\">\r\n\t\t\t\t\t<img decoding=\"async\" src=\"https:\/\/sspbcs.gob.mx\/ssp\/wp-content\/uploads\/2026\/04\/JORNADA-TENENCIA-RESPONSABLE_SSPE-1-640x480.jpeg\" class=\"bdpp-img bdpp-post-feat-img\" alt=\"PROMUEVE CENTRO PREVENTIVO TENENCIA RESPONSABLE DE ANIMALES DE COMPA\u00d1\u00cdA\" \/>\r\n\t\t\t\t\t\t\t\t\t<\/a>\r\n\t\t\t<\/div>\r\n\t\t<\/div>\r\n\t\t\r\n\t\t<div class=\"bdpp-post-list-right bdpp-col-2 bdpp-columns\">\r\n\t\t\t\r\n\t\t\t<h2 class=\"bdpp-post-title\">\r\n\t\t\t\t<a href=\"https:\/\/sspbcs.gob.mx\/ssp\/2026\/04\/14\/promueve-centro-preventivo-tenencia-responsable-de-animales-de-compania\/\">PROMUEVE CENTRO PREVENTIVO TENENCIA RESPONSABLE DE ANIMALES DE COMPA\u00d1\u00cdA<\/a>\r\n\t\t\t<\/h2>\r\n\r\n\t\t\t\t\t\t<div class=\"bdpp-post-meta bdpp-post-meta-up\">\r\n\t\t\t\t<span class=\"bdpp-post-meta-data bdpp-post-date\"><i class=\"bdpp-fa fa-regular fa-clock\"><\/i>14 abril, 2026<\/span>\t\t\t<\/div>\r\n\t\t\t\t\t\t<div class=\"bdpp-post-content\">\r\n\t\t\t\t<div class=\"bdpp-post-desc\">Como parte de los trabajos de colaboraci\u00f3n establecidos en el Plan Anual 2026 del Centro Estatal de Prevenci\u00f3n del Delito...<\/div>\r\n\t\t\t\t\t\t\t<\/div>\r\n\t\t\t\t\t<\/div>\r\n\t<\/div>\r\n<\/div><div class=\"bdpp-post-list-main bdpp-post-101517 bdpp-post-standard bdpp-has-thumb\">\r\n\t<div class=\"bdpp-post-list-content bdpp-clearfix\">\r\n\t\t\t\t<div class=\"bdpp-post-list-left bdpp-col-2 bdpp-columns\">\r\n\t\t\t<div class=\"bdpp-post-img-bg\">\r\n\t\t\t\t<a href=\"https:\/\/sspbcs.gob.mx\/ssp\/2026\/04\/14\/narcoticos-arma-y-maquinas-tragamonedas-se-aseguran-durante-patrullajes-en-la-zona-sur-y-norte-de-bcs\/\">\r\n\t\t\t\t\t<img decoding=\"async\" src=\"https:\/\/sspbcs.gob.mx\/ssp\/wp-content\/uploads\/2026\/04\/MESA-DE-SEGURIDAD-250326.jpg-1-1-640x480.jpeg\" class=\"bdpp-img bdpp-post-feat-img\" alt=\"NARC\u00d3TICOS, ARMA Y M\u00c1QUINAS TRAGAMONEDAS SE ASEGURAN DURANTE PATRULLAJES EN LA ZONA SUR Y NORTE DE BCS\" \/>\r\n\t\t\t\t\t\t\t\t\t<\/a>\r\n\t\t\t<\/div>\r\n\t\t<\/div>\r\n\t\t\r\n\t\t<div class=\"bdpp-post-list-right bdpp-col-2 bdpp-columns\">\r\n\t\t\t\r\n\t\t\t<h2 class=\"bdpp-post-title\">\r\n\t\t\t\t<a href=\"https:\/\/sspbcs.gob.mx\/ssp\/2026\/04\/14\/narcoticos-arma-y-maquinas-tragamonedas-se-aseguran-durante-patrullajes-en-la-zona-sur-y-norte-de-bcs\/\">NARC\u00d3TICOS, ARMA Y M\u00c1QUINAS TRAGAMONEDAS SE ASEGURAN DURANTE PATRULLAJES EN LA ZONA SUR Y NORTE DE BCS<\/a>\r\n\t\t\t<\/h2>\r\n\r\n\t\t\t\t\t\t<div class=\"bdpp-post-meta bdpp-post-meta-up\">\r\n\t\t\t\t<span class=\"bdpp-post-meta-data bdpp-post-date\"><i class=\"bdpp-fa fa-regular fa-clock\"><\/i>14 abril, 2026<\/span>\t\t\t<\/div>\r\n\t\t\t\t\t\t<div class=\"bdpp-post-content\">\r\n\t\t\t\t<div class=\"bdpp-post-desc\">En distintas acciones desplegadas en los \u00faltimos d\u00edas por la Mesa Estatal de Seguridad en los municipios de La Paz,...<\/div>\r\n\t\t\t\t\t\t\t<\/div>\r\n\t\t\t\t\t<\/div>\r\n\t<\/div>\r\n<\/div><div class=\"bdpp-post-list-main bdpp-post-101513 bdpp-post-standard bdpp-has-thumb\">\r\n\t<div class=\"bdpp-post-list-content bdpp-clearfix\">\r\n\t\t\t\t<div class=\"bdpp-post-list-left bdpp-col-2 bdpp-columns\">\r\n\t\t\t<div class=\"bdpp-post-img-bg\">\r\n\t\t\t\t<a href=\"https:\/\/sspbcs.gob.mx\/ssp\/2026\/04\/14\/acerca-policia-estatal-foro-preventivo-a-jovenes-del-cecyte\/\">\r\n\t\t\t\t\t<img decoding=\"async\" src=\"https:\/\/sspbcs.gob.mx\/ssp\/wp-content\/uploads\/2026\/04\/4-640x480.png\" class=\"bdpp-img bdpp-post-feat-img\" alt=\"ACERCA POLIC\u00cdA ESTATAL FORO PREVENTIVO A J\u00d3VENES DEL CECYTE\" \/>\r\n\t\t\t\t\t\t\t\t\t<\/a>\r\n\t\t\t<\/div>\r\n\t\t<\/div>\r\n\t\t\r\n\t\t<div class=\"bdpp-post-list-right bdpp-col-2 bdpp-columns\">\r\n\t\t\t\r\n\t\t\t<h2 class=\"bdpp-post-title\">\r\n\t\t\t\t<a href=\"https:\/\/sspbcs.gob.mx\/ssp\/2026\/04\/14\/acerca-policia-estatal-foro-preventivo-a-jovenes-del-cecyte\/\">ACERCA POLIC\u00cdA ESTATAL FORO PREVENTIVO A J\u00d3VENES DEL CECYTE<\/a>\r\n\t\t\t<\/h2>\r\n\r\n\t\t\t\t\t\t<div class=\"bdpp-post-meta bdpp-post-meta-up\">\r\n\t\t\t\t<span class=\"bdpp-post-meta-data bdpp-post-date\"><i class=\"bdpp-fa fa-regular fa-clock\"><\/i>14 abril, 2026<\/span>\t\t\t<\/div>\r\n\t\t\t\t\t\t<div class=\"bdpp-post-content\">\r\n\t\t\t\t<div class=\"bdpp-post-desc\">Con el objetivo de fortalecer la confianza entre la juventud y las instituciones de seguridad, la Secretar\u00eda de Seguridad P\u00fablica...<\/div>\r\n\t\t\t\t\t\t\t<\/div>\r\n\t\t\t\t\t<\/div>\r\n\t<\/div>\r\n<\/div><div class=\"bdpp-post-list-main bdpp-post-101510 bdpp-post-standard bdpp-has-thumb\">\r\n\t<div class=\"bdpp-post-list-content bdpp-clearfix\">\r\n\t\t\t\t<div class=\"bdpp-post-list-left bdpp-col-2 bdpp-columns\">\r\n\t\t\t<div class=\"bdpp-post-img-bg\">\r\n\t\t\t\t<a href=\"https:\/\/sspbcs.gob.mx\/ssp\/2026\/04\/14\/lista-sspe-para-garantizar-la-segurida-de-vacacionistas-durante-semana-santa\/\">\r\n\t\t\t\t\t<img decoding=\"async\" src=\"https:\/\/sspbcs.gob.mx\/ssp\/wp-content\/uploads\/2026\/04\/OPERATIVO-SEMANA-SANTA_SSPE-3-640x480.jpg\" class=\"bdpp-img bdpp-post-feat-img\" alt=\"LISTA SSPE PARA GARANTIZAR LA SEGURIDA DE VACACIONISTAS DURANTE SEMANA SANTA\" \/>\r\n\t\t\t\t\t\t\t\t\t<\/a>\r\n\t\t\t<\/div>\r\n\t\t<\/div>\r\n\t\t\r\n\t\t<div class=\"bdpp-post-list-right bdpp-col-2 bdpp-columns\">\r\n\t\t\t\r\n\t\t\t<h2 class=\"bdpp-post-title\">\r\n\t\t\t\t<a href=\"https:\/\/sspbcs.gob.mx\/ssp\/2026\/04\/14\/lista-sspe-para-garantizar-la-segurida-de-vacacionistas-durante-semana-santa\/\">LISTA SSPE PARA GARANTIZAR LA SEGURIDA DE VACACIONISTAS DURANTE SEMANA SANTA<\/a>\r\n\t\t\t<\/h2>\r\n\r\n\t\t\t\t\t\t<div class=\"bdpp-post-meta bdpp-post-meta-up\">\r\n\t\t\t\t<span class=\"bdpp-post-meta-data bdpp-post-date\"><i class=\"bdpp-fa fa-regular fa-clock\"><\/i>14 abril, 2026<\/span>\t\t\t<\/div>\r\n\t\t\t\t\t\t<div class=\"bdpp-post-content\">\r\n\t\t\t\t<div class=\"bdpp-post-desc\">Para que la ciudadan\u00eda disfrute de unas vacaciones seguras durante el periodo de Semana Santa 2026, la Secretar\u00eda de Seguridad...<\/div>\r\n\t\t\t\t\t\t\t<\/div>\r\n\t\t\t\t\t<\/div>\r\n\t<\/div>\r\n<\/div><div class=\"bdpp-post-list-main bdpp-post-101507 bdpp-post-standard bdpp-has-thumb\">\r\n\t<div class=\"bdpp-post-list-content bdpp-clearfix\">\r\n\t\t\t\t<div class=\"bdpp-post-list-left bdpp-col-2 bdpp-columns\">\r\n\t\t\t<div class=\"bdpp-post-img-bg\">\r\n\t\t\t\t<a href=\"https:\/\/sspbcs.gob.mx\/ssp\/2026\/04\/14\/invita-sspe-a-instalar-constancia-repuve-para-fortalecer-localizacion-de-vehiculos-robados\/\">\r\n\t\t\t\t\t<img decoding=\"async\" src=\"https:\/\/sspbcs.gob.mx\/ssp\/wp-content\/uploads\/2026\/04\/CHIP-REPUVE_SSPE-640x480.png\" class=\"bdpp-img bdpp-post-feat-img\" alt=\"INVITA SSPE A INSTALAR CONSTANCIA REPUVE PARA FORTALECER LOCALIZACI\u00d3N DE VEH\u00cdCULOS ROBADOS\" \/>\r\n\t\t\t\t\t\t\t\t\t<\/a>\r\n\t\t\t<\/div>\r\n\t\t<\/div>\r\n\t\t\r\n\t\t<div class=\"bdpp-post-list-right bdpp-col-2 bdpp-columns\">\r\n\t\t\t\r\n\t\t\t<h2 class=\"bdpp-post-title\">\r\n\t\t\t\t<a href=\"https:\/\/sspbcs.gob.mx\/ssp\/2026\/04\/14\/invita-sspe-a-instalar-constancia-repuve-para-fortalecer-localizacion-de-vehiculos-robados\/\">INVITA SSPE A INSTALAR CONSTANCIA REPUVE PARA FORTALECER LOCALIZACI\u00d3N DE VEH\u00cdCULOS ROBADOS<\/a>\r\n\t\t\t<\/h2>\r\n\r\n\t\t\t\t\t\t<div class=\"bdpp-post-meta bdpp-post-meta-up\">\r\n\t\t\t\t<span class=\"bdpp-post-meta-data bdpp-post-date\"><i class=\"bdpp-fa fa-regular fa-clock\"><\/i>14 abril, 2026<\/span>\t\t\t<\/div>\r\n\t\t\t\t\t\t<div class=\"bdpp-post-content\">\r\n\t\t\t\t<div class=\"bdpp-post-desc\">La Secretar\u00eda de Seguridad P\u00fablica del Estado, a trav\u00e9s de la Direcci\u00f3n del Registro P\u00fablico Vehicular (REPUVE), hace un llamado...<\/div>\r\n\t\t\t\t\t\t\t<\/div>\r\n\t\t\t\t\t<\/div>\r\n\t<\/div>\r\n<\/div><div class=\"bdpp-post-list-main bdpp-post-101504 bdpp-post-standard bdpp-has-thumb\">\r\n\t<div class=\"bdpp-post-list-content bdpp-clearfix\">\r\n\t\t\t\t<div class=\"bdpp-post-list-left bdpp-col-2 bdpp-columns\">\r\n\t\t\t<div class=\"bdpp-post-img-bg\">\r\n\t\t\t\t<a href=\"https:\/\/sspbcs.gob.mx\/ssp\/2026\/04\/14\/fortalecen-acciones-c4-y-federacion-para-atender-denuncias-de-extorsion\/\">\r\n\t\t\t\t\t<img decoding=\"async\" src=\"https:\/\/sspbcs.gob.mx\/ssp\/wp-content\/uploads\/2026\/04\/ATENDER-EXTORSION-1-640x480.jpeg\" class=\"bdpp-img bdpp-post-feat-img\" alt=\"FORTALECEN ACCIONES C4 Y FEDERACI\u00d3N PARA ATENDER DENUNCIAS DE EXTORSI\u00d3N\" \/>\r\n\t\t\t\t\t\t\t\t\t<\/a>\r\n\t\t\t<\/div>\r\n\t\t<\/div>\r\n\t\t\r\n\t\t<div class=\"bdpp-post-list-right bdpp-col-2 bdpp-columns\">\r\n\t\t\t\r\n\t\t\t<h2 class=\"bdpp-post-title\">\r\n\t\t\t\t<a href=\"https:\/\/sspbcs.gob.mx\/ssp\/2026\/04\/14\/fortalecen-acciones-c4-y-federacion-para-atender-denuncias-de-extorsion\/\">FORTALECEN ACCIONES C4 Y FEDERACI\u00d3N PARA ATENDER DENUNCIAS DE EXTORSI\u00d3N<\/a>\r\n\t\t\t<\/h2>\r\n\r\n\t\t\t\t\t\t<div class=\"bdpp-post-meta bdpp-post-meta-up\">\r\n\t\t\t\t<span class=\"bdpp-post-meta-data bdpp-post-date\"><i class=\"bdpp-fa fa-regular fa-clock\"><\/i>14 abril, 2026<\/span>\t\t\t<\/div>\r\n\t\t\t\t\t\t<div class=\"bdpp-post-content\">\r\n\t\t\t\t<div class=\"bdpp-post-desc\">La Secretar\u00eda de Seguridad P\u00fablica del Estado (SSPE), a trav\u00e9s del Centro de Control, Comando, Comunicaci\u00f3n y C\u00f3mputo (C4), implementan...<\/div>\r\n\t\t\t\t\t\t\t<\/div>\r\n\t\t\t\t\t<\/div>\r\n\t<\/div>\r\n<\/div><div class=\"bdpp-post-list-main bdpp-post-101497 bdpp-post-standard bdpp-has-thumb\">\r\n\t<div class=\"bdpp-post-list-content bdpp-clearfix\">\r\n\t\t\t\t<div class=\"bdpp-post-list-left bdpp-col-2 bdpp-columns\">\r\n\t\t\t<div class=\"bdpp-post-img-bg\">\r\n\t\t\t\t<a href=\"https:\/\/sspbcs.gob.mx\/ssp\/2026\/04\/14\/en-distintos-operativos-detiene-la-pep-a-cinco-personas-buscadas-por-las-autoridades-de-justicia\/\">\r\n\t\t\t\t\t<img decoding=\"async\" src=\"https:\/\/sspbcs.gob.mx\/ssp\/wp-content\/uploads\/2026\/04\/ASEG-PAQUETE-640x480.png\" class=\"bdpp-img bdpp-post-feat-img\" alt=\"EN DISTINTOS OPERATIVOS DETIENE LA PEP A CINCO PERSONAS BUSCADAS POR LAS AUTORIDADES DE JUSTICIA\" \/>\r\n\t\t\t\t\t\t\t\t\t<\/a>\r\n\t\t\t<\/div>\r\n\t\t<\/div>\r\n\t\t\r\n\t\t<div class=\"bdpp-post-list-right bdpp-col-2 bdpp-columns\">\r\n\t\t\t\r\n\t\t\t<h2 class=\"bdpp-post-title\">\r\n\t\t\t\t<a href=\"https:\/\/sspbcs.gob.mx\/ssp\/2026\/04\/14\/en-distintos-operativos-detiene-la-pep-a-cinco-personas-buscadas-por-las-autoridades-de-justicia\/\">EN DISTINTOS OPERATIVOS DETIENE LA PEP A CINCO PERSONAS BUSCADAS POR LAS AUTORIDADES DE JUSTICIA<\/a>\r\n\t\t\t<\/h2>\r\n\r\n\t\t\t\t\t\t<div class=\"bdpp-post-meta bdpp-post-meta-up\">\r\n\t\t\t\t<span class=\"bdpp-post-meta-data bdpp-post-date\"><i class=\"bdpp-fa fa-regular fa-clock\"><\/i>14 abril, 2026<\/span>\t\t\t<\/div>\r\n\t\t\t\t\t\t<div class=\"bdpp-post-content\">\r\n\t\t\t\t<div class=\"bdpp-post-desc\">En distintos patrullajes desplegados en la \u00faltima semana por elementos de la Polic\u00eda Estatal Preventiva (PEP), fueron capturadas cinco personas...<\/div>\r\n\t\t\t\t\t\t\t<\/div>\r\n\t\t\t\t\t<\/div>\r\n\t<\/div>\r\n<\/div><div class=\"bdpp-post-list-main bdpp-post-101488 bdpp-post-standard bdpp-has-thumb\">\r\n\t<div class=\"bdpp-post-list-content bdpp-clearfix\">\r\n\t\t\t\t<div class=\"bdpp-post-list-left bdpp-col-2 bdpp-columns\">\r\n\t\t\t<div class=\"bdpp-post-img-bg\">\r\n\t\t\t\t<a href=\"https:\/\/sspbcs.gob.mx\/ssp\/2026\/04\/14\/inicia-sspe-jornadas-el-balon-de-la-paz-en-plantel-cecyte-05-de-cabo-san-lucas\/\">\r\n\t\t\t\t\t<img decoding=\"async\" src=\"https:\/\/sspbcs.gob.mx\/ssp\/wp-content\/uploads\/2026\/04\/11-640x480.png\" class=\"bdpp-img bdpp-post-feat-img\" alt=\"INICIA SSPE JORNADAS EL BAL\u00d3N DE LA PAZ EN PLANTEL CECYTE 05 DE CABO SAN LUCAS\" \/>\r\n\t\t\t\t\t\t\t\t\t<\/a>\r\n\t\t\t<\/div>\r\n\t\t<\/div>\r\n\t\t\r\n\t\t<div class=\"bdpp-post-list-right bdpp-col-2 bdpp-columns\">\r\n\t\t\t\r\n\t\t\t<h2 class=\"bdpp-post-title\">\r\n\t\t\t\t<a href=\"https:\/\/sspbcs.gob.mx\/ssp\/2026\/04\/14\/inicia-sspe-jornadas-el-balon-de-la-paz-en-plantel-cecyte-05-de-cabo-san-lucas\/\">INICIA SSPE JORNADAS EL BAL\u00d3N DE LA PAZ EN PLANTEL CECYTE 05 DE CABO SAN LUCAS<\/a>\r\n\t\t\t<\/h2>\r\n\r\n\t\t\t\t\t\t<div class=\"bdpp-post-meta bdpp-post-meta-up\">\r\n\t\t\t\t<span class=\"bdpp-post-meta-data bdpp-post-date\"><i class=\"bdpp-fa fa-regular fa-clock\"><\/i>14 abril, 2026<\/span>\t\t\t<\/div>\r\n\t\t\t\t\t\t<div class=\"bdpp-post-content\">\r\n\t\t\t\t<div class=\"bdpp-post-desc\">Con el prop\u00f3sito de fortalecer los valores y la cultura de paz entre la juventud sudcaliforniana, la Secretar\u00eda de Seguridad...<\/div>\r\n\t\t\t\t\t\t\t<\/div>\r\n\t\t\t\t\t<\/div>\r\n\t<\/div>\r\n<\/div><div class=\"bdpp-post-list-main bdpp-post-101485 bdpp-post-standard bdpp-has-thumb\">\r\n\t<div class=\"bdpp-post-list-content bdpp-clearfix\">\r\n\t\t\t\t<div class=\"bdpp-post-list-left bdpp-col-2 bdpp-columns\">\r\n\t\t\t<div class=\"bdpp-post-img-bg\">\r\n\t\t\t\t<a href=\"https:\/\/sspbcs.gob.mx\/ssp\/2026\/04\/14\/realizan-visitas-de-verificacion-a-empresas-de-seguridad-privada-en-la-paz-y-los-cabos\/\">\r\n\t\t\t\t\t<img decoding=\"async\" src=\"https:\/\/sspbcs.gob.mx\/ssp\/wp-content\/uploads\/2026\/04\/SEGURIDAD-PRIVADA-2-640x480.jpg\" class=\"bdpp-img bdpp-post-feat-img\" alt=\"REALIZAN VISITAS DE VERIFICACI\u00d3N A EMPRESAS DE SEGURIDAD PRIVADA EN LA PAZ Y LOS CABOS\" \/>\r\n\t\t\t\t\t\t\t\t\t<\/a>\r\n\t\t\t<\/div>\r\n\t\t<\/div>\r\n\t\t\r\n\t\t<div class=\"bdpp-post-list-right bdpp-col-2 bdpp-columns\">\r\n\t\t\t\r\n\t\t\t<h2 class=\"bdpp-post-title\">\r\n\t\t\t\t<a href=\"https:\/\/sspbcs.gob.mx\/ssp\/2026\/04\/14\/realizan-visitas-de-verificacion-a-empresas-de-seguridad-privada-en-la-paz-y-los-cabos\/\">REALIZAN VISITAS DE VERIFICACI\u00d3N A EMPRESAS DE SEGURIDAD PRIVADA EN LA PAZ Y LOS CABOS<\/a>\r\n\t\t\t<\/h2>\r\n\r\n\t\t\t\t\t\t<div class=\"bdpp-post-meta bdpp-post-meta-up\">\r\n\t\t\t\t<span class=\"bdpp-post-meta-data bdpp-post-date\"><i class=\"bdpp-fa fa-regular fa-clock\"><\/i>14 abril, 2026<\/span>\t\t\t<\/div>\r\n\t\t\t\t\t\t<div class=\"bdpp-post-content\">\r\n\t\t\t\t<div class=\"bdpp-post-desc\">Continuando con la verificaci\u00f3n de empresas que ofrecen servicios de protecci\u00f3n y seguridad en la entidad, la Direcci\u00f3n de Seguridad...<\/div>\r\n\t\t\t\t\t\t\t<\/div>\r\n\t\t\t\t\t<\/div>\r\n\t<\/div>\r\n<\/div><div class=\"bdpp-post-list-main bdpp-post-101479 bdpp-post-standard bdpp-has-thumb\">\r\n\t<div class=\"bdpp-post-list-content bdpp-clearfix\">\r\n\t\t\t\t<div class=\"bdpp-post-list-left bdpp-col-2 bdpp-columns\">\r\n\t\t\t<div class=\"bdpp-post-img-bg\">\r\n\t\t\t\t<a href=\"https:\/\/sspbcs.gob.mx\/ssp\/2026\/04\/14\/premian-a-ganadores-del-concurso-yo-no-doy-like-para-prevenir-el-acoso-digital\/\">\r\n\t\t\t\t\t<img decoding=\"async\" src=\"https:\/\/sspbcs.gob.mx\/ssp\/wp-content\/uploads\/2026\/04\/yo-no-doy-like-1-640x480.png\" class=\"bdpp-img bdpp-post-feat-img\" alt=\"PREMIAN A GANADORES DEL CONCURSO YO NO DOY LIKE PARA PREVENIR EL ACOSO DIGITAL\" \/>\r\n\t\t\t\t\t\t\t\t\t<\/a>\r\n\t\t\t<\/div>\r\n\t\t<\/div>\r\n\t\t\r\n\t\t<div class=\"bdpp-post-list-right bdpp-col-2 bdpp-columns\">\r\n\t\t\t\r\n\t\t\t<h2 class=\"bdpp-post-title\">\r\n\t\t\t\t<a href=\"https:\/\/sspbcs.gob.mx\/ssp\/2026\/04\/14\/premian-a-ganadores-del-concurso-yo-no-doy-like-para-prevenir-el-acoso-digital\/\">PREMIAN A GANADORES DEL CONCURSO YO NO DOY LIKE PARA PREVENIR EL ACOSO DIGITAL<\/a>\r\n\t\t\t<\/h2>\r\n\r\n\t\t\t\t\t\t<div class=\"bdpp-post-meta bdpp-post-meta-up\">\r\n\t\t\t\t<span class=\"bdpp-post-meta-data bdpp-post-date\"><i class=\"bdpp-fa fa-regular fa-clock\"><\/i>14 abril, 2026<\/span>\t\t\t<\/div>\r\n\t\t\t\t\t\t<div class=\"bdpp-post-content\">\r\n\t\t\t\t<div class=\"bdpp-post-desc\">Por noveno a\u00f1o consecutivo, la Secretar\u00eda de Seguridad P\u00fablica del Estado particip\u00f3 en la ceremonia de premiaci\u00f3n del concurso de...<\/div>\r\n\t\t\t\t\t\t\t<\/div>\r\n\t\t\t\t\t<\/div>\r\n\t<\/div>\r\n<\/div><div class=\"bdpp-post-list-main bdpp-post-101473 bdpp-post-standard bdpp-has-thumb\">\r\n\t<div class=\"bdpp-post-list-content bdpp-clearfix\">\r\n\t\t\t\t<div class=\"bdpp-post-list-left bdpp-col-2 bdpp-columns\">\r\n\t\t\t<div class=\"bdpp-post-img-bg\">\r\n\t\t\t\t<a href=\"https:\/\/sspbcs.gob.mx\/ssp\/2026\/04\/14\/durante-acciones-operativas-resultaron-personas-detenidas-vehiculos-y-droga-aseguradas\/\">\r\n\t\t\t\t\t<img decoding=\"async\" src=\"https:\/\/sspbcs.gob.mx\/ssp\/wp-content\/uploads\/2026\/04\/BOL-021-640x480.jpg\" class=\"bdpp-img bdpp-post-feat-img\" alt=\"DURANTE ACCIONES OPERATIVAS RESULTARON PERSONAS DETENIDAS, VEH\u00cdCULOS Y DROGA ASEGURADAS.\" \/>\r\n\t\t\t\t\t\t\t\t\t<\/a>\r\n\t\t\t<\/div>\r\n\t\t<\/div>\r\n\t\t\r\n\t\t<div class=\"bdpp-post-list-right bdpp-col-2 bdpp-columns\">\r\n\t\t\t\r\n\t\t\t<h2 class=\"bdpp-post-title\">\r\n\t\t\t\t<a href=\"https:\/\/sspbcs.gob.mx\/ssp\/2026\/04\/14\/durante-acciones-operativas-resultaron-personas-detenidas-vehiculos-y-droga-aseguradas\/\">DURANTE ACCIONES OPERATIVAS RESULTARON PERSONAS DETENIDAS, VEH\u00cdCULOS Y DROGA ASEGURADAS.<\/a>\r\n\t\t\t<\/h2>\r\n\r\n\t\t\t\t\t\t<div class=\"bdpp-post-meta bdpp-post-meta-up\">\r\n\t\t\t\t<span class=\"bdpp-post-meta-data bdpp-post-date\"><i class=\"bdpp-fa fa-regular fa-clock\"><\/i>14 abril, 2026<\/span>\t\t\t<\/div>\r\n\t\t\t\t\t\t<div class=\"bdpp-post-content\">\r\n\t\t\t\t<div class=\"bdpp-post-desc\">En labores operativas realizadas en los municipios de La Paz y Comond\u00fa, elementos de la Polic\u00eda Estatal Preventiva (PEP), llevaron...<\/div>\r\n\t\t\t\t\t\t\t<\/div>\r\n\t\t\t\t\t<\/div>\r\n\t<\/div>\r\n<\/div><div class=\"bdpp-post-list-main bdpp-post-101470 bdpp-post-standard bdpp-has-thumb\">\r\n\t<div class=\"bdpp-post-list-content bdpp-clearfix\">\r\n\t\t\t\t<div class=\"bdpp-post-list-left bdpp-col-2 bdpp-columns\">\r\n\t\t\t<div class=\"bdpp-post-img-bg\">\r\n\t\t\t\t<a href=\"https:\/\/sspbcs.gob.mx\/ssp\/2026\/04\/14\/inician-sspe-y-cadena-comercial-oxxo-la-activacion-de-mas-de-400-tiendas-como-zonas-violetas\/\">\r\n\t\t\t\t\t<img decoding=\"async\" src=\"https:\/\/sspbcs.gob.mx\/ssp\/wp-content\/uploads\/2026\/04\/ZONA-VIOLETA1-640x480.jpeg\" class=\"bdpp-img bdpp-post-feat-img\" alt=\"INICIAN SSPE Y CADENA COMERCIAL OXXO LA ACTIVACI\u00d3N DE M\u00c1S DE 400 TIENDAS COMO ZONAS VIOLETAS\" \/>\r\n\t\t\t\t\t\t\t\t\t<\/a>\r\n\t\t\t<\/div>\r\n\t\t<\/div>\r\n\t\t\r\n\t\t<div class=\"bdpp-post-list-right bdpp-col-2 bdpp-columns\">\r\n\t\t\t\r\n\t\t\t<h2 class=\"bdpp-post-title\">\r\n\t\t\t\t<a href=\"https:\/\/sspbcs.gob.mx\/ssp\/2026\/04\/14\/inician-sspe-y-cadena-comercial-oxxo-la-activacion-de-mas-de-400-tiendas-como-zonas-violetas\/\">INICIAN SSPE Y CADENA COMERCIAL OXXO LA ACTIVACI\u00d3N DE M\u00c1S DE 400 TIENDAS COMO ZONAS VIOLETAS<\/a>\r\n\t\t\t<\/h2>\r\n\r\n\t\t\t\t\t\t<div class=\"bdpp-post-meta bdpp-post-meta-up\">\r\n\t\t\t\t<span class=\"bdpp-post-meta-data bdpp-post-date\"><i class=\"bdpp-fa fa-regular fa-clock\"><\/i>14 abril, 2026<\/span>\t\t\t<\/div>\r\n\t\t\t\t\t\t<div class=\"bdpp-post-content\">\r\n\t\t\t\t<div class=\"bdpp-post-desc\">En el marco del mes de la mujer, la Secretar\u00eda de Seguridad P\u00fablica del Estado en coordinaci\u00f3n con la Cadena...<\/div>\r\n\t\t\t\t\t\t\t<\/div>\r\n\t\t\t\t\t<\/div>\r\n\t<\/div>\r\n<\/div><div class=\"bdpp-post-list-main bdpp-post-101467 bdpp-post-standard bdpp-has-thumb\">\r\n\t<div class=\"bdpp-post-list-content bdpp-clearfix\">\r\n\t\t\t\t<div class=\"bdpp-post-list-left bdpp-col-2 bdpp-columns\">\r\n\t\t\t<div class=\"bdpp-post-img-bg\">\r\n\t\t\t\t<a href=\"https:\/\/sspbcs.gob.mx\/ssp\/2026\/04\/14\/armas-narcoticos-explosivos-y-vehiculos-asegurados-en-acciones-operativas-de-la-semana\/\">\r\n\t\t\t\t\t<img decoding=\"async\" src=\"https:\/\/sspbcs.gob.mx\/ssp\/wp-content\/uploads\/2026\/04\/MESA-DE-SEGURIDAD-02-03-26.jpg-640x480.jpeg\" class=\"bdpp-img bdpp-post-feat-img\" alt=\"ARMAS, NARC\u00d3TICOS, EXPLOSIVOS Y VEH\u00cdCULOS ASEGURADOS EN ACCIONES OPERATIVAS DE LA SEMANA\" \/>\r\n\t\t\t\t\t\t\t\t\t<\/a>\r\n\t\t\t<\/div>\r\n\t\t<\/div>\r\n\t\t\r\n\t\t<div class=\"bdpp-post-list-right bdpp-col-2 bdpp-columns\">\r\n\t\t\t\r\n\t\t\t<h2 class=\"bdpp-post-title\">\r\n\t\t\t\t<a href=\"https:\/\/sspbcs.gob.mx\/ssp\/2026\/04\/14\/armas-narcoticos-explosivos-y-vehiculos-asegurados-en-acciones-operativas-de-la-semana\/\">ARMAS, NARC\u00d3TICOS, EXPLOSIVOS Y VEH\u00cdCULOS ASEGURADOS EN ACCIONES OPERATIVAS DE LA SEMANA<\/a>\r\n\t\t\t<\/h2>\r\n\r\n\t\t\t\t\t\t<div class=\"bdpp-post-meta bdpp-post-meta-up\">\r\n\t\t\t\t<span class=\"bdpp-post-meta-data bdpp-post-date\"><i class=\"bdpp-fa fa-regular fa-clock\"><\/i>14 abril, 2026<\/span>\t\t\t<\/div>\r\n\t\t\t\t\t\t<div class=\"bdpp-post-content\">\r\n\t\t\t\t<div class=\"bdpp-post-desc\">En el marco de las acciones implementadas por la Mesa Estatal de Seguridad conformada por la Secretar\u00eda de Marina, Defensa,...<\/div>\r\n\t\t\t\t\t\t\t<\/div>\r\n\t\t\t\t\t<\/div>\r\n\t<\/div>\r\n<\/div><div class=\"bdpp-post-list-main bdpp-post-101464 bdpp-post-standard bdpp-has-thumb\">\r\n\t<div class=\"bdpp-post-list-content bdpp-clearfix\">\r\n\t\t\t\t<div class=\"bdpp-post-list-left bdpp-col-2 bdpp-columns\">\r\n\t\t\t<div class=\"bdpp-post-img-bg\">\r\n\t\t\t\t<a href=\"https:\/\/sspbcs.gob.mx\/ssp\/2026\/04\/14\/advierte-sspe-sobre-nueva-modalidad-de-fraude-sobre-falsas-multas-de-transito\/\">\r\n\t\t\t\t\t<img decoding=\"async\" src=\"https:\/\/sspbcs.gob.mx\/ssp\/wp-content\/uploads\/2026\/04\/MODALIDAD-FRAUDE-640x480.jpeg\" class=\"bdpp-img bdpp-post-feat-img\" alt=\"ADVIERTE SSPE SOBRE NUEVA MODALIDAD DE FRAUDE SOBRE FALSAS MULTAS DE TR\u00c1NSITO\" \/>\r\n\t\t\t\t\t\t\t\t\t<\/a>\r\n\t\t\t<\/div>\r\n\t\t<\/div>\r\n\t\t\r\n\t\t<div class=\"bdpp-post-list-right bdpp-col-2 bdpp-columns\">\r\n\t\t\t\r\n\t\t\t<h2 class=\"bdpp-post-title\">\r\n\t\t\t\t<a href=\"https:\/\/sspbcs.gob.mx\/ssp\/2026\/04\/14\/advierte-sspe-sobre-nueva-modalidad-de-fraude-sobre-falsas-multas-de-transito\/\">ADVIERTE SSPE SOBRE NUEVA MODALIDAD DE FRAUDE SOBRE FALSAS MULTAS DE TR\u00c1NSITO<\/a>\r\n\t\t\t<\/h2>\r\n\r\n\t\t\t\t\t\t<div class=\"bdpp-post-meta bdpp-post-meta-up\">\r\n\t\t\t\t<span class=\"bdpp-post-meta-data bdpp-post-date\"><i class=\"bdpp-fa fa-regular fa-clock\"><\/i>14 abril, 2026<\/span>\t\t\t<\/div>\r\n\t\t\t\t\t\t<div class=\"bdpp-post-content\">\r\n\t\t\t\t<div class=\"bdpp-post-desc\">La Secretar\u00eda de Seguridad P\u00fablica del Estado, a trav\u00e9s de la Polic\u00eda Estatal Cibern\u00e9tica emiti\u00f3 un llamado a la ciudadan\u00eda...<\/div>\r\n\t\t\t\t\t\t\t<\/div>\r\n\t\t\t\t\t<\/div>\r\n\t<\/div>\r\n<\/div><div class=\"bdpp-post-list-main bdpp-post-101461 bdpp-post-standard bdpp-has-thumb\">\r\n\t<div class=\"bdpp-post-list-content bdpp-clearfix\">\r\n\t\t\t\t<div class=\"bdpp-post-list-left bdpp-col-2 bdpp-columns\">\r\n\t\t\t<div class=\"bdpp-post-img-bg\">\r\n\t\t\t\t<a href=\"https:\/\/sspbcs.gob.mx\/ssp\/2026\/04\/14\/operativos-conjuntos-permiten-aseguramiento-de-armas-vehiculos-y-narcoticos-en-los-cabos\/\">\r\n\t\t\t\t\t<img decoding=\"async\" src=\"https:\/\/sspbcs.gob.mx\/ssp\/wp-content\/uploads\/2026\/04\/ACCIONES-DE-SEGURIDAD.jpg-640x480.jpeg\" class=\"bdpp-img bdpp-post-feat-img\" alt=\"OPERATIVOS CONJUNTOS PERMITEN ASEGURAMIENTO DE ARMAS, VEH\u00cdCULOS Y N\u00c1RC\u00d3TICOS EN LOS CABOS\" \/>\r\n\t\t\t\t\t\t\t\t\t<\/a>\r\n\t\t\t<\/div>\r\n\t\t<\/div>\r\n\t\t\r\n\t\t<div class=\"bdpp-post-list-right bdpp-col-2 bdpp-columns\">\r\n\t\t\t\r\n\t\t\t<h2 class=\"bdpp-post-title\">\r\n\t\t\t\t<a href=\"https:\/\/sspbcs.gob.mx\/ssp\/2026\/04\/14\/operativos-conjuntos-permiten-aseguramiento-de-armas-vehiculos-y-narcoticos-en-los-cabos\/\">OPERATIVOS CONJUNTOS PERMITEN ASEGURAMIENTO DE ARMAS, VEH\u00cdCULOS Y N\u00c1RC\u00d3TICOS EN LOS CABOS<\/a>\r\n\t\t\t<\/h2>\r\n\r\n\t\t\t\t\t\t<div class=\"bdpp-post-meta bdpp-post-meta-up\">\r\n\t\t\t\t<span class=\"bdpp-post-meta-data bdpp-post-date\"><i class=\"bdpp-fa fa-regular fa-clock\"><\/i>14 abril, 2026<\/span>\t\t\t<\/div>\r\n\t\t\t\t\t\t<div class=\"bdpp-post-content\">\r\n\t\t\t\t<div class=\"bdpp-post-desc\">La Secretar\u00eda de Seguridad P\u00fablica del Estado informa que derivado de acciones conjuntas desplegadas en el municipio de Los Cabos,...<\/div>\r\n\t\t\t\t\t\t\t<\/div>\r\n\t\t\t\t\t<\/div>\r\n\t<\/div>\r\n<\/div><div class=\"bdpp-post-list-main bdpp-post-101458 bdpp-post-standard bdpp-has-thumb\">\r\n\t<div class=\"bdpp-post-list-content bdpp-clearfix\">\r\n\t\t\t\t<div class=\"bdpp-post-list-left bdpp-col-2 bdpp-columns\">\r\n\t\t\t<div class=\"bdpp-post-img-bg\">\r\n\t\t\t\t<a href=\"https:\/\/sspbcs.gob.mx\/ssp\/2026\/04\/14\/con-el-tema-el-policia-es-mi-amigo-promueven-en-ninas-y-ninos-el-autocuidado-en-escuelas\/\">\r\n\t\t\t\t\t<img decoding=\"async\" src=\"https:\/\/sspbcs.gob.mx\/ssp\/wp-content\/uploads\/2026\/04\/EL-POLICIA-ES-MI-AMIGO-2-1-640x480.jpeg\" class=\"bdpp-img bdpp-post-feat-img\" alt=\"CON EL TEMA EL POLIC\u00cdA ES MI AMIGO, PROMUEVEN EN NI\u00d1AS Y NI\u00d1OS EL AUTOCUIDADO EN ESCUELAS\" \/>\r\n\t\t\t\t\t\t\t\t\t<\/a>\r\n\t\t\t<\/div>\r\n\t\t<\/div>\r\n\t\t\r\n\t\t<div class=\"bdpp-post-list-right bdpp-col-2 bdpp-columns\">\r\n\t\t\t\r\n\t\t\t<h2 class=\"bdpp-post-title\">\r\n\t\t\t\t<a href=\"https:\/\/sspbcs.gob.mx\/ssp\/2026\/04\/14\/con-el-tema-el-policia-es-mi-amigo-promueven-en-ninas-y-ninos-el-autocuidado-en-escuelas\/\">CON EL TEMA EL POLIC\u00cdA ES MI AMIGO, PROMUEVEN EN NI\u00d1AS Y NI\u00d1OS EL AUTOCUIDADO EN ESCUELAS<\/a>\r\n\t\t\t<\/h2>\r\n\r\n\t\t\t\t\t\t<div class=\"bdpp-post-meta bdpp-post-meta-up\">\r\n\t\t\t\t<span class=\"bdpp-post-meta-data bdpp-post-date\"><i class=\"bdpp-fa fa-regular fa-clock\"><\/i>14 abril, 2026<\/span>\t\t\t<\/div>\r\n\t\t\t\t\t\t<div class=\"bdpp-post-content\">\r\n\t\t\t\t<div class=\"bdpp-post-desc\">Con el tema el polic\u00eda es mi amigo, la Unidad de Proximidad Social de la Polic\u00eda Estatal Preventiva, visit\u00f3 el...<\/div>\r\n\t\t\t\t\t\t\t<\/div>\r\n\t\t\t\t\t<\/div>\r\n\t<\/div>\r\n<\/div>\t<\/div>\r\n\t\t<div class=\"bdpp-paging bdpp-clearfix\">\r\n\t\t<span aria-current=\"page\" class=\"page-numbers current\">1<\/span>\n<a class=\"page-numbers\" href=\"https:\/\/sspbcs.gob.mx\/ssp\/wp-json\/wp\/v2\/pages\/304\/page\/2\/\">2<\/a>\n<a class=\"page-numbers\" href=\"https:\/\/sspbcs.gob.mx\/ssp\/wp-json\/wp\/v2\/pages\/304\/page\/3\/\">3<\/a>\n<span class=\"page-numbers dots\">&hellip;<\/span>\n<a class=\"page-numbers\" href=\"https:\/\/sspbcs.gob.mx\/ssp\/wp-json\/wp\/v2\/pages\/304\/page\/27\/\">27<\/a>\n<a class=\"next page-numbers\" href=\"https:\/\/sspbcs.gob.mx\/ssp\/wp-json\/wp\/v2\/pages\/304\/page\/2\/\">Next &raquo;<\/a>\t<\/div>\r\n<\/div><\/p>\n<p><div class=\"kc-elm kc_text_block\"><\/p>\n<p>\n<\/div><\/div><\/div><\/div><\/div><\/section>\n","protected":false},"excerpt":{"rendered":"","protected":false},"author":4,"featured_media":0,"parent":0,"menu_order":0,"comment_status":"closed","ping_status":"closed","template":"","meta":{"footnotes":""},"class_list":["post-304","page","type-page","status-publish","hentry"],"_links":{"self":[{"href":"https:\/\/sspbcs.gob.mx\/ssp\/wp-json\/wp\/v2\/pages\/304","targetHints":{"allow":["GET"]}}],"collection":[{"href":"https:\/\/sspbcs.gob.mx\/ssp\/wp-json\/wp\/v2\/pages"}],"about":[{"href":"https:\/\/sspbcs.gob.mx\/ssp\/wp-json\/wp\/v2\/types\/page"}],"author":[{"embeddable":true,"href":"https:\/\/sspbcs.gob.mx\/ssp\/wp-json\/wp\/v2\/users\/4"}],"replies":[{"embeddable":true,"href":"https:\/\/sspbcs.gob.mx\/ssp\/wp-json\/wp\/v2\/comments?post=304"}],"version-history":[{"count":4,"href":"https:\/\/sspbcs.gob.mx\/ssp\/wp-json\/wp\/v2\/pages\/304\/revisions"}],"predecessor-version":[{"id":308,"href":"https:\/\/sspbcs.gob.mx\/ssp\/wp-json\/wp\/v2\/pages\/304\/revisions\/308"}],"wp:attachment":[{"href":"https:\/\/sspbcs.gob.mx\/ssp\/wp-json\/wp\/v2\/media?parent=304"}],"curies":[{"name":"wp","href":"https:\/\/api.w.org\/{rel}","templated":true}]}}